{"version":"1.0","provider_name":"smartphoto FR","provider_url":"https:\/\/www.smartphoto.fr\/inspiration","author_name":"Caroline","author_url":"https:\/\/www.smartphoto.fr\/inspiration\/author\/caroline","title":"F\u00eate des p\u00e8res 2019 : les nouveaut\u00e9s smartphoto - smartphoto FR","type":"rich","width":600,"height":338,"html":"<blockquote class=\"wp-embedded-content\" data-secret=\"DJLBxNxGAd\"><a href=\"https:\/\/www.smartphoto.fr\/inspiration\/fete-des-peres-2019-les-nouveautes-smartphoto\">F\u00eate des p\u00e8res 2019 : les nouveaut\u00e9s smartphoto<\/a><\/blockquote><iframe sandbox=\"allow-scripts\" security=\"restricted\" src=\"https:\/\/www.smartphoto.fr\/inspiration\/fete-des-peres-2019-les-nouveautes-smartphoto\/embed#?secret=DJLBxNxGAd\" width=\"600\" height=\"338\" title=\"\u00ab\u00a0F\u00eate des p\u00e8res 2019 : les nouveaut\u00e9s smartphoto\u00a0\u00bb &#8212; smartphoto FR\" data-secret=\"DJLBxNxGAd\" frameborder=\"0\" marginwidth=\"0\" marginheight=\"0\" scrolling=\"no\" class=\"wp-embedded-content\"><\/iframe><script type=\"text\/javascript\">\n\/* <![CDATA[ *\/\n\/*! This file is auto-generated *\/\n!function(d,l){\"use strict\";l.querySelector&&d.addEventListener&&\"undefined\"!=typeof URL&&(d.wp=d.wp||{},d.wp.receiveEmbedMessage||(d.wp.receiveEmbedMessage=function(e){var t=e.data;if((t||t.secret||t.message||t.value)&&!\/[^a-zA-Z0-9]\/.test(t.secret)){for(var s,r,n,a=l.querySelectorAll('iframe[data-secret=\"'+t.secret+'\"]'),o=l.querySelectorAll('blockquote[data-secret=\"'+t.secret+'\"]'),c=new RegExp(\"^https?:$\",\"i\"),i=0;i<o.length;i++)o[i].style.display=\"none\";for(i=0;i<a.length;i++)s=a[i],e.source===s.contentWindow&&(s.removeAttribute(\"style\"),\"height\"===t.message?(1e3<(r=parseInt(t.value,10))?r=1e3:~~r<200&&(r=200),s.height=r):\"link\"===t.message&&(r=new URL(s.getAttribute(\"src\")),n=new URL(t.value),c.test(n.protocol))&&n.host===r.host&&l.activeElement===s&&(d.top.location.href=t.value))}},d.addEventListener(\"message\",d.wp.receiveEmbedMessage,!1),l.addEventListener(\"DOMContentLoaded\",function(){for(var e,t,s=l.querySelectorAll(\"iframe.wp-embedded-content\"),r=0;r<s.length;r++)(t=(e=s[r]).getAttribute(\"data-secret\"))||(t=Math.random().toString(36).substring(2,12),e.src+=\"#?secret=\"+t,e.setAttribute(\"data-secret\",t)),e.contentWindow.postMessage({message:\"ready\",secret:t},\"*\")},!1)))}(window,document);\n\/* ]]> *\/\n<\/script>\n","thumbnail_url":"https:\/\/storage.googleapis.com\/smartphoto-express-production-wp-blogs-com\/10\/2019\/06\/bonne-fete-papa-citations.jpg","thumbnail_width":800,"thumbnail_height":534,"description":"Cadeau original f\u00eate des p\u00e8res 2019 Smartphoto a encore frapp\u00e9 ! Pour la f\u00eate des p\u00e8res 2019, vous trouverez une s\u00e9rie de cadeaux super originaux, tout beaux, tout chauds, tout nouveaux. Des mati\u00e8res naturelles, des accessoires super pratiques et de qualit\u00e9, et surtout des options de personnalisation \u00e9tendues qui font la part belle \u00e0 votre cr\u00e9ativit\u00e9. Pour un cadeau toujours unique, et qu&rsquo;il gardera pr\u00e9cieusement pendant de longues ann\u00e9es ! 1. Les dessous de verre en bois Ces dessous de verres sont tellement jolis que je les commanderais bien juste pour les afficher partout chez moi. J&rsquo;adore la forme ronde"}